{"id":264,"date":"2025-02-04T21:49:38","date_gmt":"2025-02-05T00:49:38","guid":{"rendered":"https:\/\/everdreammusicacademy.com\/br\/what-we-do\/"},"modified":"2025-08-25T10:21:46","modified_gmt":"2025-08-25T13:21:46","slug":"universidade-corporativa","status":"publish","type":"page","link":"https:\/\/everdreammusicacademy.com\/br\/universidade-corporativa\/","title":{"rendered":"Universidade Corporativa"},"content":{"rendered":"\n<div class=\"wp-block-uagb-container uagb-block-ad065905 alignfull uagb-is-root-container\"><div class=\"uagb-container-inner-blocks-wrap\">\n<div class=\"wp-block-uagb-container uagb-layout-flex uagb-block-e63185fe alignfull uagb-is-root-container\"><div class=\"uagb-container-inner-blocks-wrap\">\n<div data-aos= \"fade-right\" data-aos-duration=\"400\" data-aos-delay=\"0\" data-aos-easing=\"ease\" data-aos-once=\"true\" class=\"wp-block-uagb-advanced-heading uagb-block-6e7b9816\"><div class=\"uagb-separator\"><\/div><p class=\"uagb-heading-text\">Your Attractive Heading<\/p><\/div>\n\n\n\n<div data-aos= \"fade-left\" data-aos-duration=\"400\" data-aos-delay=\"0\" data-aos-easing=\"ease\" data-aos-once=\"true\" class=\"wp-block-uagb-container uagb-block-5efaa5ab alignfull uagb-is-root-container\"><div class=\"uagb-container-inner-blocks-wrap\">\n<div class=\"wp-block-uagb-advanced-heading uagb-block-88cbb78a\"><h1 class=\"uagb-heading-text\">Universidade Corporativa<\/h1><\/div>\n\n\n\n<div class=\"wp-block-uagb-container uagb-block-9b1ce00e\">\n<p>A <strong>Universidade Corporativa&nbsp;Ever Dream<\/strong>&nbsp;\u00e9 uma institui\u00e7\u00e3o de ensino destinada a desenvolver competencias, habilidades e atitudes de profissionais j\u00e1 estabelecidos no mercado e que procuram aprimorar seu trabalho e assim, conquistar novos patamares e atingir as metas de sua vis\u00e3o de futuro.<\/p>\n\n\n\n<p>Mais do que oferecer treinamentos pontuais voltados apenas para desenvolver habilidades espec\u00edficas de cada profissional, agregamos a quem ingressa em nosso ambiente conheicimento e&nbsp; valor estrat\u00e9gico vital para o crescimento em qualquer carreira refletindo em mais oportunidades e uma capta\u00e7\u00e3o de mercado mais assertiva.<\/p>\n\n\n\n<p>A&nbsp;<strong>Universidade Corporativa Ever Dream<\/strong>&nbsp;supre esta demana, reduzindo custos de opera\u00e7\u00e3o quando se adquire maior seguran\u00e7a onde investir e aumenta sua efici\u00eancia e proje\u00e7\u00e3o profissional.<\/p>\n<\/div>\n<\/div><\/div>\n<\/div><\/div>\n<\/div><\/div>\n\n\n\n<div class=\"wp-block-uagb-container uagb-layout-grid uagb-block-48138d5d alignfull uagb-is-root-container\"><div class=\"uagb-container-inner-blocks-wrap\">\n<div data-aos= \"fade-right\" data-aos-duration=\"400\" data-aos-delay=\"0\" data-aos-easing=\"ease\" data-aos-once=\"true\" class=\"wp-block-uagb-info-box uagb-block-50850c90 uagb-infobox__content-wrap  uagb-infobox-icon-above-title uagb-infobox-image-valign-top wp-block-uagb-info-box--has-margin\"><div class=\"uagb-infobox-margin-wrapper\"><div class=\"uagb-ifb-content\"><div class=\"uagb-ifb-title-wrap\"><h6 class=\"uagb-ifb-title-prefix\">01<\/h6><h5 class=\"uagb-ifb-title\">Diplomaturas<\/h5><\/div><\/div><\/div><\/div>\n\n\n\n<div data-aos= \"fade-left\" data-aos-duration=\"400\" data-aos-delay=\"0\" data-aos-easing=\"ease\" data-aos-once=\"true\" class=\"wp-block-uagb-advanced-heading uagb-block-d904d867\"><h2 class=\"uagb-heading-text\">Como Funcionam as Diplomaturas<\/h2><\/div>\n<\/div><\/div>\n\n\n\n<div data-aos= \"fade-up\" data-aos-duration=\"400\" data-aos-delay=\"0\" data-aos-easing=\"ease\" data-aos-once=\"true\" class=\"wp-block-uagb-container uagb-block-4f542cf3 alignfull uagb-is-root-container\"><div class=\"uagb-container-inner-blocks-wrap\">\n<div class=\"wp-block-uagb-container uagb-block-b8f7fd88\">\n<div class=\"wp-block-uagb-container uagb-block-dd243093\">\n<div class=\"wp-block-uagb-container uagb-block-768c3025\">\n<div class=\"wp-block-uagb-advanced-heading uagb-block-fafaf2fd\"><h4 class=\"uagb-heading-text\"><strong>Cursos Exclusivos e Personalizados<\/strong><\/h4><p class=\"uagb-desc-text\">Na&nbsp;<strong>Ever Dream Music Academy<\/strong>, oferecemos diplomaturas intensivas de&nbsp;<strong>3 a 5 meses<\/strong>, com aulas&nbsp;<strong>100% online e ao vivo<\/strong>, uma vez por semana. Cada curso \u00e9&nbsp;<strong>individual<\/strong>, garantindo aten\u00e7\u00e3o personalizada para acelerar seu desenvolvimento musical.<\/p><\/div>\n<\/div>\n\n\n\n<div class=\"wp-block-uagb-container uagb-block-ef18d5f6\">\n<div class=\"wp-block-uagb-icon-list uagb-block-d1156566\"><div class=\"uagb-icon-list__wrap\">\n<div class=\"wp-block-uagb-icon-list-child uagb-block-3d25fe3a\"><span class=\"uagb-icon-list__source-wrap\"><svg xmlns=\"https:\/\/www.w3.org\/2000\/svg\" viewBox=\"0 0 448 512\"><path d=\"M438.6 105.4C451.1 117.9 451.1 138.1 438.6 150.6L182.6 406.6C170.1 419.1 149.9 419.1 137.4 406.6L9.372 278.6C-3.124 266.1-3.124 245.9 9.372 233.4C21.87 220.9 42.13 220.9 54.63 233.4L159.1 338.7L393.4 105.4C405.9 92.88 426.1 92.88 438.6 105.4H438.6z\"><\/path><\/svg><\/span><span class=\"uagb-icon-list__label\">Aulas\u00a0online a ao vivo com professores especializados.<\/span><\/div>\n\n\n\n<div class=\"wp-block-uagb-icon-list-child uagb-block-c1f8614e\"><span class=\"uagb-icon-list__source-wrap\"><svg xmlns=\"https:\/\/www.w3.org\/2000\/svg\" viewBox=\"0 0 448 512\"><path d=\"M438.6 105.4C451.1 117.9 451.1 138.1 438.6 150.6L182.6 406.6C170.1 419.1 149.9 419.1 137.4 406.6L9.372 278.6C-3.124 266.1-3.124 245.9 9.372 233.4C21.87 220.9 42.13 220.9 54.63 233.4L159.1 338.7L393.4 105.4C405.9 92.88 426.1 92.88 438.6 105.4H438.6z\"><\/path><\/svg><\/span><span class=\"uagb-icon-list__label\">Sess\u00f5es de\u00a0<strong>1h30<\/strong>\u00a0focadas em resultados.<\/span><\/div>\n\n\n\n<div class=\"wp-block-uagb-icon-list-child uagb-block-20e08236\"><span class=\"uagb-icon-list__source-wrap\"><svg xmlns=\"https:\/\/www.w3.org\/2000\/svg\" viewBox=\"0 0 448 512\"><path d=\"M438.6 105.4C451.1 117.9 451.1 138.1 438.6 150.6L182.6 406.6C170.1 419.1 149.9 419.1 137.4 406.6L9.372 278.6C-3.124 266.1-3.124 245.9 9.372 233.4C21.87 220.9 42.13 220.9 54.63 233.4L159.1 338.7L393.4 105.4C405.9 92.88 426.1 92.88 438.6 105.4H438.6z\"><\/path><\/svg><\/span><span class=\"uagb-icon-list__label\">Flexibilidade para profissionais com agenda corrida.<\/span><\/div>\n<\/div><\/div>\n<\/div>\n<\/div>\n\n\n\n<div class=\"wp-block-uagb-container uagb-block-6a2ce737\">\n<div class=\"wp-block-uagb-container uagb-block-89491973\">\n<div class=\"wp-block-uagb-advanced-heading uagb-block-d0aa4c8b\"><h4 class=\"uagb-heading-text\"><strong>Certifica\u00e7\u00e3o Internacional<\/strong><\/h4><p class=\"uagb-desc-text\">Nossos cursos s\u00e3o certificados pela&nbsp;<strong>C\u00e1mara Argentina de Capacitaci\u00f3n<\/strong>&nbsp;e reconhecidos pela&nbsp;<strong>OIEP<\/strong>, uma organiza\u00e7\u00e3o global de excel\u00eancia educacional. Em&nbsp;<strong>menos de 30 dias<\/strong>, voc\u00ea ver\u00e1 evolu\u00e7\u00e3o real em suas habilidades.<\/p><\/div>\n<\/div>\n\n\n\n<div class=\"wp-block-uagb-container uagb-block-884fe7e3\">\n<div class=\"wp-block-uagb-icon-list uagb-block-e38558f6\"><div class=\"uagb-icon-list__wrap\">\n<div class=\"wp-block-uagb-icon-list-child uagb-block-6f237d54\"><span class=\"uagb-icon-list__source-wrap\"><svg xmlns=\"https:\/\/www.w3.org\/2000\/svg\" viewBox=\"0 0 448 512\"><path d=\"M438.6 105.4C451.1 117.9 451.1 138.1 438.6 150.6L182.6 406.6C170.1 419.1 149.9 419.1 137.4 406.6L9.372 278.6C-3.124 266.1-3.124 245.9 9.372 233.4C21.87 220.9 42.13 220.9 54.63 233.4L159.1 338.7L393.4 105.4C405.9 92.88 426.1 92.88 438.6 105.4H438.6z\"><\/path><\/svg><\/span><span class=\"uagb-icon-list__label\">Certificado com\u00a0<strong>validade nacional e internacional<\/strong>.<\/span><\/div>\n\n\n\n<div class=\"wp-block-uagb-icon-list-child uagb-block-e71a07a2\"><span class=\"uagb-icon-list__source-wrap\"><svg xmlns=\"https:\/\/www.w3.org\/2000\/svg\" viewBox=\"0 0 448 512\"><path d=\"M438.6 105.4C451.1 117.9 451.1 138.1 438.6 150.6L182.6 406.6C170.1 419.1 149.9 419.1 137.4 406.6L9.372 278.6C-3.124 266.1-3.124 245.9 9.372 233.4C21.87 220.9 42.13 220.9 54.63 233.4L159.1 338.7L393.4 105.4C405.9 92.88 426.1 92.88 438.6 105.4H438.6z\"><\/path><\/svg><\/span><span class=\"uagb-icon-list__label\">Possibilidade de\u00a0<strong>convalida\u00e7\u00e3o no exterior<\/strong>.<\/span><\/div>\n\n\n\n<div class=\"wp-block-uagb-icon-list-child uagb-block-e8491644\"><span class=\"uagb-icon-list__source-wrap\"><svg xmlns=\"https:\/\/www.w3.org\/2000\/svg\" viewBox=\"0 0 448 512\"><path d=\"M438.6 105.4C451.1 117.9 451.1 138.1 438.6 150.6L182.6 406.6C170.1 419.1 149.9 419.1 137.4 406.6L9.372 278.6C-3.124 266.1-3.124 245.9 9.372 233.4C21.87 220.9 42.13 220.9 54.63 233.4L159.1 338.7L393.4 105.4C405.9 92.88 426.1 92.88 438.6 105.4H438.6z\"><\/path><\/svg><\/span><span class=\"uagb-icon-list__label\">Credibilidade para sua carreira musical.<\/span><\/div>\n<\/div><\/div>\n<\/div>\n<\/div>\n\n\n\n<div class=\"wp-block-uagb-container uagb-block-69260941\">\n<div class=\"wp-block-uagb-container uagb-block-853fc7b3\">\n<div class=\"wp-block-uagb-advanced-heading uagb-block-e477e446\"><h4 class=\"uagb-heading-text\"><strong>Interc\u00e2mbio Musical sem Sair de Casa<\/strong><\/h4><p class=\"uagb-desc-text\">Leve sua m\u00fasica a outro n\u00edvel com um&nbsp;<strong>ensino premium<\/strong>&nbsp;que combina qualidade brasileira e padr\u00f5es globais. Estude com metodologias inovadoras e conecte-se a uma rede de profissionais internacionais.<\/p><\/div>\n<\/div>\n\n\n\n<div class=\"wp-block-uagb-container uagb-block-634aa715\">\n<div class=\"wp-block-uagb-icon-list uagb-block-4371bb66\"><div class=\"uagb-icon-list__wrap\">\n<div class=\"wp-block-uagb-icon-list-child uagb-block-affd7b28\"><span class=\"uagb-icon-list__source-wrap\"><svg xmlns=\"https:\/\/www.w3.org\/2000\/svg\" viewBox=\"0 0 448 512\"><path d=\"M438.6 105.4C451.1 117.9 451.1 138.1 438.6 150.6L182.6 406.6C170.1 419.1 149.9 419.1 137.4 406.6L9.372 278.6C-3.124 266.1-3.124 245.9 9.372 233.4C21.87 220.9 42.13 220.9 54.63 233.4L159.1 338.7L393.4 105.4C405.9 92.88 426.1 92.88 438.6 105.4H438.6z\"><\/path><\/svg><\/span><span class=\"uagb-icon-list__label\">Acesso a\u00a0<strong>conte\u00fados exclusivos<\/strong>\u00a0e workshops.<\/span><\/div>\n\n\n\n<div class=\"wp-block-uagb-icon-list-child uagb-block-c20aa8dd\"><span class=\"uagb-icon-list__source-wrap\"><svg xmlns=\"https:\/\/www.w3.org\/2000\/svg\" viewBox=\"0 0 448 512\"><path d=\"M438.6 105.4C451.1 117.9 451.1 138.1 438.6 150.6L182.6 406.6C170.1 419.1 149.9 419.1 137.4 406.6L9.372 278.6C-3.124 266.1-3.124 245.9 9.372 233.4C21.87 220.9 42.13 220.9 54.63 233.4L159.1 338.7L393.4 105.4C405.9 92.88 426.1 92.88 438.6 105.4H438.6z\"><\/path><\/svg><\/span><span class=\"uagb-icon-list__label\">Networking com m\u00fasicos de diferentes pa\u00edses.<\/span><\/div>\n\n\n\n<div class=\"wp-block-uagb-icon-list-child uagb-block-6d33fa35\"><span class=\"uagb-icon-list__source-wrap\"><svg xmlns=\"https:\/\/www.w3.org\/2000\/svg\" viewBox=\"0 0 448 512\"><path d=\"M438.6 105.4C451.1 117.9 451.1 138.1 438.6 150.6L182.6 406.6C170.1 419.1 149.9 419.1 137.4 406.6L9.372 278.6C-3.124 266.1-3.124 245.9 9.372 233.4C21.87 220.9 42.13 220.9 54.63 233.4L159.1 338.7L393.4 105.4C405.9 92.88 426.1 92.88 438.6 105.4H438.6z\"><\/path><\/svg><\/span><span class=\"uagb-icon-list__label\"><strong>Transforma\u00e7\u00e3o r\u00e1pida<\/strong>\u00a0na sua jornada art\u00edstica.<\/span><\/div>\n<\/div><\/div>\n<\/div>\n<\/div>\n<\/div>\n<\/div><\/div>\n\n\n\n<div class=\"wp-block-uagb-container uagb-layout-grid uagb-block-4b87b9e8 alignfull uagb-is-root-container\"><div class=\"uagb-container-inner-blocks-wrap\">\n<div data-aos= \"fade-right\" data-aos-duration=\"400\" data-aos-delay=\"0\" data-aos-easing=\"ease\" data-aos-once=\"true\" class=\"wp-block-uagb-info-box uagb-block-7ddcac60 uagb-infobox__content-wrap  uagb-infobox-icon-above-title uagb-infobox-image-valign-top wp-block-uagb-info-box--has-margin\"><div class=\"uagb-infobox-margin-wrapper\"><div class=\"uagb-ifb-content\"><div class=\"uagb-ifb-title-wrap\"><h6 class=\"uagb-ifb-title-prefix\">02<\/h6><h5 class=\"uagb-ifb-title\">Conte\u00fados<\/h5><\/div><\/div><\/div><\/div>\n\n\n\n<div data-aos= \"fade-left\" data-aos-duration=\"400\" data-aos-delay=\"0\" data-aos-easing=\"ease\" data-aos-once=\"true\" class=\"wp-block-uagb-advanced-heading uagb-block-d618a833\"><h2 class=\"uagb-heading-text\">Diplomaturas Dispon\u00edveis<\/h2><\/div>\n<\/div><\/div>\n\n\n\n<div data-aos= \"fade-up\" data-aos-duration=\"400\" data-aos-delay=\"0\" data-aos-easing=\"ease\" data-aos-once=\"true\" class=\"wp-block-uagb-container uagb-layout-flex uagb-block-dd58a99e alignfull uagb-is-root-container\"><div class=\"uagb-container-inner-blocks-wrap\">\n<div class=\"wp-block-essential-blocks-accordion  root-eb-accordion-kebaz\"><div class=\"eb-parent-wrapper eb-parent-eb-accordion-kebaz \"><div class=\"eb-accordion-container eb-accordion-kebaz\" data-accordion-type=\"accordion\" data-tab-icon=\"dashicons-plus-alt2\" data-expanded-icon=\"dashicons-minus\" data-transition-duration=\"500\"><div class=\"eb-accordion-inner\">\n<div class=\"wp-block-essential-blocks-accordion-item eb-accordion-item-cm5fy eb-accordion-wrapper\" data-clickable=\"false\"><div class=\"eb-accordion-title-wrapper eb-accordion-title-wrapper-eb-accordion-kebaz\" tabindex=\"0\"><span class=\"eb-accordion-icon-wrapper eb-accordion-icon-wrapper-eb-accordion-kebaz\"><span class=\"dashicon dashicons dashicons-plus-alt2 eb-accordion-icon\"><\/span><\/span><div class=\"eb-accordion-title-content-wrap title-content-eb-accordion-kebaz\"><h3 class=\"eb-accordion-title\">Teoria e Percep\u00e7\u00e3o Musical<\/h3><\/div><\/div><div class=\"eb-accordion-content-wrapper eb-accordion-content-wrapper-eb-accordion-kebaz\"><div class=\"eb-accordion-content\">\n<div class=\"wp-block-uagb-info-box uagb-block-9dde7d0e uagb-infobox__content-wrap  uagb-infobox-icon-above-title uagb-infobox-image-valign-top\"><div class=\"uagb-ifb-content\"><div class=\"uagb-ifb-title-wrap\"><\/div><p class=\"uagb-ifb-desc\"><strong>Pr\u00e9-requisitos<\/strong>:&nbsp;NENHUM<br><br><strong>Ementa<\/strong>: Nota\u00e7\u00e3o Musical. Escrita e leitura de m\u00fasica em partitura. Divis\u00e3o r\u00edtmica prim\u00e1ria. Compasso. Acidentes. Normas de execu\u00e7\u00e3o musical. Sequencial em n\u00edveis avan\u00e7ados: Nota\u00e7\u00e3o Musical. Escrita e leitura de m\u00fasica em partitura. Divis\u00e3o r\u00edtmica prim\u00e1ria. Compasso. Acidentes. Normas de execu\u00e7\u00e3o musical.<br><br><strong>Bibliografia sugerida<\/strong>:<br><em>\u201cNotas Introdut\u00f3rias\u201d \u2013 Hermes Daniel &amp; Theophildo Augusto.<\/em><br><em>\u201cTeoria Musical\u201d \u2013 Bohumil Med<\/em><br><em>\u201cComo ler uma partitura\u201d \u2013 Roy Benett<\/em><\/p><\/div><\/div>\n<\/div><\/div><\/div>\n\n\n\n<div class=\"wp-block-essential-blocks-accordion-item eb-accordion-item-amkit eb-accordion-wrapper\" data-clickable=\"false\"><div class=\"eb-accordion-title-wrapper eb-accordion-title-wrapper-eb-accordion-kebaz\" tabindex=\"0\"><span class=\"eb-accordion-icon-wrapper eb-accordion-icon-wrapper-eb-accordion-kebaz\"><span class=\"dashicon dashicons dashicons-plus-alt2 eb-accordion-icon\"><\/span><\/span><div class=\"eb-accordion-title-content-wrap title-content-eb-accordion-kebaz\"><h3 class=\"eb-accordion-title\">Harmonia e Percep\u00e7\u00e3o Musical<\/h3><\/div><\/div><div class=\"eb-accordion-content-wrapper eb-accordion-content-wrapper-eb-accordion-kebaz\"><div class=\"eb-accordion-content\">\n<div class=\"wp-block-uagb-info-box uagb-block-a24d1ca6 uagb-infobox__content-wrap  uagb-infobox-icon-above-title uagb-infobox-image-valign-top\"><div class=\"uagb-ifb-content\"><div class=\"uagb-ifb-title-wrap\"><\/div><p class=\"uagb-ifb-desc\"><strong>Pr\u00e9-requisitos<\/strong>:&nbsp;Teoria e Percep\u00e7\u00e3o<br><br><strong>Ementa<\/strong>:&nbsp;Estudo dos acordes e suas fun\u00e7\u00f5es dentro da m\u00fasica tonal e atonal. An\u00e1lise musical.<br><br><strong>Bibliografia sugerida:<\/strong><br>\u201cHarmonia Funcional\u201d \u2013 Carlos Almada<br>\u201cHarmonia Tradicional\u201d \u2013 Paul Hindemith<\/p><\/div><\/div>\n<\/div><\/div><\/div>\n\n\n\n<div class=\"wp-block-essential-blocks-accordion-item eb-accordion-item-26bq4 eb-accordion-wrapper\" data-clickable=\"false\"><div class=\"eb-accordion-title-wrapper eb-accordion-title-wrapper-eb-accordion-kebaz\" tabindex=\"0\"><span class=\"eb-accordion-icon-wrapper eb-accordion-icon-wrapper-eb-accordion-kebaz\"><span class=\"dashicon dashicons dashicons-plus-alt2 eb-accordion-icon\"><\/span><\/span><div class=\"eb-accordion-title-content-wrap title-content-eb-accordion-kebaz\"><h3 class=\"eb-accordion-title\">Arranjo e Orquestra\u00e7\u00e3o<\/h3><\/div><\/div><div class=\"eb-accordion-content-wrapper eb-accordion-content-wrapper-eb-accordion-kebaz\"><div class=\"eb-accordion-content\">\n<div class=\"wp-block-uagb-info-box uagb-block-fa619a6a uagb-infobox__content-wrap  uagb-infobox-icon-above-title uagb-infobox-image-valign-top\"><div class=\"uagb-ifb-content\"><div class=\"uagb-ifb-title-wrap\"><\/div><p class=\"uagb-ifb-desc\"><strong>Pr\u00e9-requisitos:&nbsp;<\/strong>Leitura de partituras \/ prova de profici\u00eancia \u2013 II ap\u00f3s cumprir anterior ou prova de profici\u00eancia<br><br><strong>Ementa<\/strong>: forma das can\u00e7\u00f5es, forma do arranjo, letras de ensaio e n\u00fameros, nota\u00e7\u00e3o e partituras, estilos, se\u00e7\u00e3o r\u00edtmica: bateria, baixo, sintetizador e piano viol\u00e3o e guitarra, voz, antecipa\u00e7\u00f5es.<br>Reescrever o material pr\u00e9-existente para que fique em forma diferente das execu\u00e7\u00f5es anteriores ou para tornar a m\u00fasica mais atraente para o p\u00fablico e usar t\u00e9cnicas de r\u00edtmica, harmonia e contraponto para reorganizar a estrutura da pe\u00e7a de acordo com os recursos dispon\u00edveis, tais como a instrumenta\u00e7\u00e3o e a habilidade dos m\u00fasicos. O arranjo pode ser uma expans\u00e3o, quando uma m\u00fasica para poucos instrumentos ser\u00e1 executada por um grupo musical maior como uma orquestra ou grupo coral. Pode tamb\u00e9m ser uma redu\u00e7\u00e3o, como quando uma m\u00fasica para orquestra \u00e9 reduzida para ser tocada por um conjunto menor ou mesmo por um instrumento solista.<br><br><strong>Material:&nbsp;<\/strong>enviado e\/ou entregue nas aulas pelo professor. Exerc\u00edcios avulsos.<br><br><em><strong>Bibliografia Sugerida:&nbsp;<\/strong><\/em>\u201cArranjo\u201d \u2013 Carlos Almada<\/p><\/div><\/div>\n<\/div><\/div><\/div>\n\n\n\n<div class=\"wp-block-essential-blocks-accordion-item eb-accordion-item-5wtsy eb-accordion-wrapper\" data-clickable=\"false\"><div class=\"eb-accordion-title-wrapper eb-accordion-title-wrapper-eb-accordion-kebaz\" tabindex=\"0\"><span class=\"eb-accordion-icon-wrapper eb-accordion-icon-wrapper-eb-accordion-kebaz\"><span class=\"dashicon dashicons dashicons-plus-alt2 eb-accordion-icon\"><\/span><\/span><div class=\"eb-accordion-title-content-wrap title-content-eb-accordion-kebaz\"><h3 class=\"eb-accordion-title\">Regencia Coral<\/h3><\/div><\/div><div class=\"eb-accordion-content-wrapper eb-accordion-content-wrapper-eb-accordion-kebaz\"><div class=\"eb-accordion-content\">\n<div class=\"wp-block-uagb-info-box uagb-block-690765be uagb-infobox__content-wrap  uagb-infobox-icon-above-title uagb-infobox-image-valign-top\"><div class=\"uagb-ifb-content\"><div class=\"uagb-ifb-title-wrap\"><\/div><p class=\"uagb-ifb-desc\">Ementa \u2013 Curso de Forma\u00e7\u00e3o de Regentes de Coro<br>Certifica\u00e7\u00e3o Internacional pela C\u00e2mara Argentina de Forma\u00e7\u00e3o Profissional e OIEP Global<br>Dura\u00e7\u00e3o: 6 meses \u2013 1 aula semanal ao vivo (1h30)<br>Idioma: Portugu\u00eas<br>Formato: Online, com acesso \u00e0 plataforma educativa exclusiva<br>Objetivo Geral<br>Capacitar regentes, m\u00fasicos e educadores musicais para atuar profissionalmente na dire\u00e7\u00e3o de coros, desenvolvendo habilidades t\u00e9cnicas, art\u00edsticas e de gest\u00e3o, com perspectiva de atua\u00e7\u00e3o nacional e internacional.<\/p><\/div><\/div>\n<\/div><\/div><\/div>\n\n\n\n<div class=\"wp-block-essential-blocks-accordion-item eb-accordion-item-irz7q eb-accordion-wrapper\" data-clickable=\"false\"><div class=\"eb-accordion-title-wrapper eb-accordion-title-wrapper-eb-accordion-kebaz\" tabindex=\"0\"><span class=\"eb-accordion-icon-wrapper eb-accordion-icon-wrapper-eb-accordion-kebaz\"><span class=\"dashicon dashicons dashicons-plus-alt2 eb-accordion-icon\"><\/span><\/span><div class=\"eb-accordion-title-content-wrap title-content-eb-accordion-kebaz\"><h3 class=\"eb-accordion-title\">Produ\u00e7\u00e3o Musical<\/h3><\/div><\/div><div class=\"eb-accordion-content-wrapper eb-accordion-content-wrapper-eb-accordion-kebaz\"><div class=\"eb-accordion-content\">\n<div class=\"wp-block-uagb-info-box uagb-block-a857cd7d uagb-infobox__content-wrap  uagb-infobox-icon-above-title uagb-infobox-image-valign-top\"><div class=\"uagb-ifb-content\"><div class=\"uagb-ifb-title-wrap\"><\/div><p class=\"uagb-ifb-desc\"><strong>Pr\u00e9-requisitos:&nbsp;<\/strong>NENHUM<br><br><strong>Ementa<\/strong>: uso de ferramentas tecnol\u00f3gicas para grava\u00e7\u00e3o em home est\u00fadio, dom\u00ednio de t\u00e9cnicas b\u00e1sicas de grava\u00e7\u00e3o e mixagem.<\/p><\/div><\/div>\n<\/div><\/div><\/div>\n\n\n\n<div class=\"wp-block-essential-blocks-accordion-item eb-accordion-item-37yjm eb-accordion-wrapper\" data-clickable=\"false\"><div class=\"eb-accordion-title-wrapper eb-accordion-title-wrapper-eb-accordion-kebaz\" tabindex=\"0\"><span class=\"eb-accordion-icon-wrapper eb-accordion-icon-wrapper-eb-accordion-kebaz\"><span class=\"dashicon dashicons dashicons-plus-alt2 eb-accordion-icon\"><\/span><\/span><div class=\"eb-accordion-title-content-wrap title-content-eb-accordion-kebaz\"><h3 class=\"eb-accordion-title\">Contraponto<\/h3><\/div><\/div><div class=\"eb-accordion-content-wrapper eb-accordion-content-wrapper-eb-accordion-kebaz\"><div class=\"eb-accordion-content\">\n<div class=\"wp-block-uagb-info-box uagb-block-5e2546d9 uagb-infobox__content-wrap  uagb-infobox-icon-above-title uagb-infobox-image-valign-top\"><div class=\"uagb-ifb-content\"><div class=\"uagb-ifb-title-wrap\"><\/div><p class=\"uagb-ifb-desc\"><strong>Pr\u00e9-requisitos:&nbsp;<\/strong>Teoria I ou prova de profici\u00eancia<br><br><strong>Ementa<\/strong>: montagem de pe\u00e7as para v\u00e1rias vozes ou v\u00e1rios instrumentos, atrav\u00e9s de linhas mel\u00f3dicas independentes, com escrita em partitura e composi\u00e7\u00f5es pr\u00e1ticas.<br><br><strong>Material:&nbsp;<\/strong>enviado e\/ou entregue nas aulas pelo professor. Exerc\u00edcios avulsos.<br><br><em><strong>Bibliografia Sugerida:&nbsp;<\/strong>\u201c<\/em>Contraponto \u2013 Livio Tratenberg\u201d<\/p><\/div><\/div>\n<\/div><\/div><\/div>\n\n\n\n<div class=\"wp-block-essential-blocks-accordion-item eb-accordion-item-ifyl3 eb-accordion-wrapper\" data-clickable=\"false\"><div class=\"eb-accordion-title-wrapper eb-accordion-title-wrapper-eb-accordion-kebaz\" tabindex=\"0\"><span class=\"eb-accordion-icon-wrapper eb-accordion-icon-wrapper-eb-accordion-kebaz\"><span class=\"dashicon dashicons dashicons-plus-alt2 eb-accordion-icon\"><\/span><\/span><div class=\"eb-accordion-title-content-wrap title-content-eb-accordion-kebaz\"><h3 class=\"eb-accordion-title\">Hist\u00f3ria da M\u00fasica<\/h3><\/div><\/div><div class=\"eb-accordion-content-wrapper eb-accordion-content-wrapper-eb-accordion-kebaz\"><div class=\"eb-accordion-content\">\n<div class=\"wp-block-uagb-info-box uagb-block-d65a73dc uagb-infobox__content-wrap  uagb-infobox-icon-above-title uagb-infobox-image-valign-top\"><div class=\"uagb-ifb-content\"><div class=\"uagb-ifb-title-wrap\"><\/div><p class=\"uagb-ifb-desc\"><strong>Pr\u00e9-requisitos:&nbsp;<\/strong>NENHUM<br><br><strong>Ementa<\/strong>: Entender o desenvolvimento da m\u00fasica ocidental, desde a Gr\u00e9cia Antiga at\u00e9 os dias atuais. Gr\u00e9cia, Idade M\u00e9dia, Renascimento, Barroco, Cl\u00e1ssico, Romantismo e M\u00fasica Contempor\u00e2nea.<br><br><em><strong>Bibliografia Sugerida:<\/strong><\/em><br><em>\u201cUma Breve Hist\u00f3ria da M\u00fasica<\/em>\u201d \u2013 Roy Bennet<br>\u201c<em>Hist\u00f3ria da M\u00fasica Ocidental<\/em>\u201d \u2013 Palisca<\/p><\/div><\/div>\n<\/div><\/div><\/div>\n\n\n\n<div class=\"wp-block-essential-blocks-accordion-item eb-accordion-item-srtdh eb-accordion-wrapper\" data-clickable=\"false\"><div class=\"eb-accordion-title-wrapper eb-accordion-title-wrapper-eb-accordion-kebaz\" tabindex=\"0\"><span class=\"eb-accordion-icon-wrapper eb-accordion-icon-wrapper-eb-accordion-kebaz\"><span class=\"dashicon dashicons dashicons-plus-alt2 eb-accordion-icon\"><\/span><\/span><div class=\"eb-accordion-title-content-wrap title-content-eb-accordion-kebaz\"><h3 class=\"eb-accordion-title\">Hist\u00f3ria da M\u00fasica Latinoamericana<\/h3><\/div><\/div><div class=\"eb-accordion-content-wrapper eb-accordion-content-wrapper-eb-accordion-kebaz\"><div class=\"eb-accordion-content\">\n<div class=\"wp-block-uagb-info-box uagb-block-2e4ba446 uagb-infobox__content-wrap  uagb-infobox-icon-above-title uagb-infobox-image-valign-top\"><div class=\"uagb-ifb-content\"><div class=\"uagb-ifb-title-wrap\"><\/div><p class=\"uagb-ifb-desc\"><strong>Pr\u00e9-requisitos:&nbsp;<\/strong>Nenhum<br><br><strong>Ementa<\/strong>: Entender a nossa identidade cultural e conhecer o desenvolvimento da hist\u00f3ria da m\u00fasica no continente americano.<br><br><em><strong>Bibliografia Sugerida:<\/strong><\/em><br><em>Hist\u00f3ria da M\u00fasica Brasileira, de Vasco Mariz<\/em><br><em>Dicion\u00e1rio de M\u00fasica Brasileira, de Olga Cacciatore<\/em><br><em>As Veias Abertas da Am\u00e9rica Latina \u2013 Eduardo Galeano<\/em><\/p><\/div><\/div>\n<\/div><\/div><\/div>\n<\/div><\/div><\/div><\/div>\n<\/div><\/div>\n","protected":false},"excerpt":{"rendered":"<p>Your Attractive Heading Universidade Corporativa A Universidade Corporativa&nbsp;Ever Dream&nbsp;\u00e9 uma institui\u00e7\u00e3o de ensino destinada a desenvolver competencias, habilidades e atitudes de profissionais j\u00e1 estabelecidos no mercado e que procuram aprimorar [&hellip;]<\/p>\n","protected":false},"author":1,"featured_media":0,"parent":0,"menu_order":0,"comment_status":"closed","ping_status":"closed","template":"","meta":{"_eb_attr":"","_uag_custom_page_level_css":"","site-sidebar-layout":"default","site-content-layout":"","ast-site-content-layout":"default","site-content-style":"default","site-sidebar-style":"default","ast-global-header-display":"","ast-banner-title-visibility":"","ast-main-header-display":"","ast-hfb-above-header-display":"","ast-hfb-below-header-display":"","ast-hfb-mobile-header-display":"","site-post-title":"","ast-breadcrumbs-content":"","ast-featured-img":"","footer-sml-layout":"","ast-disable-related-posts":"","theme-transparent-header-meta":"enabled","adv-header-id-meta":"","stick-header-meta":"","header-above-stick-meta":"","header-main-stick-meta":"","header-below-stick-meta":"","astra-migrate-meta-layouts":"set","ast-page-background-enabled":"default","ast-page-background-meta":{"desktop":{"background-color":"var(--ast-global-color-4)","background-image":"","background-repeat":"repeat","background-position":"center center","background-size":"auto","background-attachment":"scroll","background-type":"","background-media":"","overlay-type":"","overlay-color":"","overlay-opacity":"","overlay-gradient":""},"tablet":{"background-color":"","background-image":"","background-repeat":"repeat","background-position":"center center","background-size":"auto","background-attachment":"scroll","background-type":"","background-media":"","overlay-type":"","overlay-color":"","overlay-opacity":"","overlay-gradient":""},"mobile":{"background-color":"","background-image":"","background-repeat":"repeat","background-position":"center center","background-size":"auto","background-attachment":"scroll","background-type":"","background-media":"","overlay-type":"","overlay-color":"","overlay-opacity":"","overlay-gradient":""}},"ast-content-background-meta":{"desktop":{"background-color":"var(--ast-global-color-5)","background-image":"","background-repeat":"repeat","background-position":"center center","background-size":"auto","background-attachment":"scroll","background-type":"","background-media":"","overlay-type":"","overlay-color":"","overlay-opacity":"","overlay-gradient":""},"tablet":{"background-color":"var(--ast-global-color-5)","background-image":"","background-repeat":"repeat","background-position":"center center","background-size":"auto","background-attachment":"scroll","background-type":"","background-media":"","overlay-type":"","overlay-color":"","overlay-opacity":"","overlay-gradient":""},"mobile":{"background-color":"var(--ast-global-color-5)","background-image":"","background-repeat":"repeat","background-position":"center center","background-size":"auto","background-attachment":"scroll","background-type":"","background-media":"","overlay-type":"","overlay-color":"","overlay-opacity":"","overlay-gradient":""}},"cybocfi_hide_featured_image":"","footnotes":""},"class_list":["post-264","page","type-page","status-publish","hentry"],"aioseo_notices":[],"uagb_featured_image_src":{"full":false,"thumbnail":false,"medium":false,"medium_large":false,"large":false,"1536x1536":false,"2048x2048":false},"uagb_author_info":{"display_name":"AdminEDMA","author_link":"https:\/\/everdreammusicacademy.com\/br\/author\/admin\/"},"uagb_comment_info":0,"uagb_excerpt":"Your Attractive Heading Universidade Corporativa A Universidade Corporativa&nbsp;Ever Dream&nbsp;\u00e9 uma institui\u00e7\u00e3o de ensino destinada a desenvolver competencias, habilidades e atitudes de profissionais j\u00e1 estabelecidos no mercado e que procuram aprimorar [&hellip;]","_links":{"self":[{"href":"https:\/\/everdreammusicacademy.com\/br\/wp-json\/wp\/v2\/pages\/264","targetHints":{"allow":["GET"]}}],"collection":[{"href":"https:\/\/everdreammusicacademy.com\/br\/wp-json\/wp\/v2\/pages"}],"about":[{"href":"https:\/\/everdreammusicacademy.com\/br\/wp-json\/wp\/v2\/types\/page"}],"author":[{"embeddable":true,"href":"https:\/\/everdreammusicacademy.com\/br\/wp-json\/wp\/v2\/users\/1"}],"replies":[{"embeddable":true,"href":"https:\/\/everdreammusicacademy.com\/br\/wp-json\/wp\/v2\/comments?post=264"}],"version-history":[{"count":139,"href":"https:\/\/everdreammusicacademy.com\/br\/wp-json\/wp\/v2\/pages\/264\/revisions"}],"predecessor-version":[{"id":2448,"href":"https:\/\/everdreammusicacademy.com\/br\/wp-json\/wp\/v2\/pages\/264\/revisions\/2448"}],"wp:attachment":[{"href":"https:\/\/everdreammusicacademy.com\/br\/wp-json\/wp\/v2\/media?parent=264"}],"curies":[{"name":"wp","href":"https:\/\/api.w.org\/{rel}","templated":true}]}}