{"id":264,"date":"2025-02-04T21:49:38","date_gmt":"2025-02-05T00:49:38","guid":{"rendered":"https:\/\/everdreammusicacademy.com\/ar\/what-we-do\/"},"modified":"2025-08-21T20:10:14","modified_gmt":"2025-08-21T23:10:14","slug":"universidade-corporativa","status":"publish","type":"page","link":"https:\/\/everdreammusicacademy.com\/ar\/universidade-corporativa\/","title":{"rendered":"Universidade Corporativa"},"content":{"rendered":"\n<div class=\"wp-block-uagb-container uagb-block-ad065905 alignfull uagb-is-root-container\"><div class=\"uagb-container-inner-blocks-wrap\">\n<div class=\"wp-block-uagb-container uagb-layout-flex uagb-block-e63185fe alignfull uagb-is-root-container\"><div class=\"uagb-container-inner-blocks-wrap\">\n<div data-aos= \"fade-right\" data-aos-duration=\"400\" data-aos-delay=\"0\" data-aos-easing=\"ease\" data-aos-once=\"true\" class=\"wp-block-uagb-advanced-heading uagb-block-6e7b9816\"><div class=\"uagb-separator\"><\/div><p class=\"uagb-heading-text\">Your Attractive Heading<\/p><\/div>\n\n\n\n<div data-aos= \"fade-left\" data-aos-duration=\"400\" data-aos-delay=\"0\" data-aos-easing=\"ease\" data-aos-once=\"true\" class=\"wp-block-uagb-container uagb-block-5efaa5ab alignfull uagb-is-root-container\"><div class=\"uagb-container-inner-blocks-wrap\">\n<div class=\"wp-block-uagb-advanced-heading uagb-block-88cbb78a\"><h1 class=\"uagb-heading-text\">Universidad Corporativa<\/h1><\/div>\n\n\n\n<div class=\"wp-block-uagb-container uagb-block-9b1ce00e\">\n<p>La Universidad Corporativa Ever Dream es una instituci\u00f3n educativa destinada a desarrollar competencias, habilidades y actitudes de profesionales ya establecidos en el mercado y que buscan mejorar su trabajo y as\u00ed, alcanzar nuevos niveles y cumplir las metas de su visi\u00f3n de futuro.<\/p>\n\n\n\n<p>M\u00e1s que ofrecer capacitaciones puntuales orientadas \u00fanicamente a desarrollar habilidades espec\u00edficas de cada profesional, agregamos a quienes ingresan en nuestro entorno conocimiento y valor estrat\u00e9gico vital para el crecimiento en cualquier carrera, reflej\u00e1ndose en m\u00e1s oportunidades y una captaci\u00f3n de mercado m\u00e1s efectiva.<\/p>\n\n\n\n<p>La Universidad Corporativa Ever Dream satisface esta demanda, reduciendo costos operativos al brindar mayor seguridad sobre d\u00f3nde invertir y aumentando la eficiencia y proyecci\u00f3n profesional.<\/p>\n<\/div>\n<\/div><\/div>\n<\/div><\/div>\n<\/div><\/div>\n\n\n\n<div class=\"wp-block-uagb-container uagb-layout-grid uagb-block-48138d5d alignfull uagb-is-root-container\"><div class=\"uagb-container-inner-blocks-wrap\">\n<div data-aos= \"fade-right\" data-aos-duration=\"400\" data-aos-delay=\"0\" data-aos-easing=\"ease\" data-aos-once=\"true\" class=\"wp-block-uagb-info-box uagb-block-50850c90 uagb-infobox__content-wrap  uagb-infobox-icon-above-title uagb-infobox-image-valign-top wp-block-uagb-info-box--has-margin\"><div class=\"uagb-infobox-margin-wrapper\"><div class=\"uagb-ifb-content\"><div class=\"uagb-ifb-title-wrap\"><h6 class=\"uagb-ifb-title-prefix\">01<\/h6><h5 class=\"uagb-ifb-title\">Formaciones<\/h5><\/div><\/div><\/div><\/div>\n\n\n\n<div data-aos= \"fade-left\" data-aos-duration=\"400\" data-aos-delay=\"0\" data-aos-easing=\"ease\" data-aos-once=\"true\" class=\"wp-block-uagb-advanced-heading uagb-block-d904d867\"><h2 class=\"uagb-heading-text\">C\u00f3mo Funcionan las Formaciones<\/h2><\/div>\n<\/div><\/div>\n\n\n\n<div data-aos= \"fade-up\" data-aos-duration=\"400\" data-aos-delay=\"0\" data-aos-easing=\"ease\" data-aos-once=\"true\" class=\"wp-block-uagb-container uagb-block-4f542cf3 alignfull uagb-is-root-container\"><div class=\"uagb-container-inner-blocks-wrap\">\n<div class=\"wp-block-uagb-container uagb-block-b8f7fd88\">\n<div class=\"wp-block-uagb-container uagb-block-dd243093\">\n<div class=\"wp-block-uagb-container uagb-block-768c3025\">\n<div class=\"wp-block-uagb-advanced-heading uagb-block-fafaf2fd\"><h4 class=\"uagb-heading-text\"><strong>Cursos Exclusivos y Personalizados<\/strong><\/h4><p class=\"uagb-desc-text\">En Ever Dream Music Academy, ofrecemos formaciones intensivas de 3 a 5 meses, con clases 100% online y en vivo, una vez por semana. Cada curso es individual, garantizando atenci\u00f3n personalizada para acelerar tu desarrollo musical.<\/p><\/div>\n<\/div>\n\n\n\n<div class=\"wp-block-uagb-container uagb-block-ef18d5f6\">\n<div class=\"wp-block-uagb-icon-list uagb-block-d1156566\"><div class=\"uagb-icon-list__wrap\">\n<div class=\"wp-block-uagb-icon-list-child uagb-block-3d25fe3a\"><span class=\"uagb-icon-list__source-wrap\"><svg xmlns=\"https:\/\/www.w3.org\/2000\/svg\" viewBox=\"0 0 448 512\"><path d=\"M438.6 105.4C451.1 117.9 451.1 138.1 438.6 150.6L182.6 406.6C170.1 419.1 149.9 419.1 137.4 406.6L9.372 278.6C-3.124 266.1-3.124 245.9 9.372 233.4C21.87 220.9 42.13 220.9 54.63 233.4L159.1 338.7L393.4 105.4C405.9 92.88 426.1 92.88 438.6 105.4H438.6z\"><\/path><\/svg><\/span><span class=\"uagb-icon-list__label\">Clases en vivo y directo con profesores especializados.<\/span><\/div>\n\n\n\n<div class=\"wp-block-uagb-icon-list-child uagb-block-c1f8614e\"><span class=\"uagb-icon-list__source-wrap\"><svg xmlns=\"https:\/\/www.w3.org\/2000\/svg\" viewBox=\"0 0 448 512\"><path d=\"M438.6 105.4C451.1 117.9 451.1 138.1 438.6 150.6L182.6 406.6C170.1 419.1 149.9 419.1 137.4 406.6L9.372 278.6C-3.124 266.1-3.124 245.9 9.372 233.4C21.87 220.9 42.13 220.9 54.63 233.4L159.1 338.7L393.4 105.4C405.9 92.88 426.1 92.88 438.6 105.4H438.6z\"><\/path><\/svg><\/span><span class=\"uagb-icon-list__label\">Sesiones de 1h30 enfocadas en resultados.<\/span><\/div>\n\n\n\n<div class=\"wp-block-uagb-icon-list-child uagb-block-20e08236\"><span class=\"uagb-icon-list__source-wrap\"><svg xmlns=\"https:\/\/www.w3.org\/2000\/svg\" viewBox=\"0 0 448 512\"><path d=\"M438.6 105.4C451.1 117.9 451.1 138.1 438.6 150.6L182.6 406.6C170.1 419.1 149.9 419.1 137.4 406.6L9.372 278.6C-3.124 266.1-3.124 245.9 9.372 233.4C21.87 220.9 42.13 220.9 54.63 233.4L159.1 338.7L393.4 105.4C405.9 92.88 426.1 92.88 438.6 105.4H438.6z\"><\/path><\/svg><\/span><span class=\"uagb-icon-list__label\">Flexibilidade para profissionais com agenda corrida.<\/span><\/div>\n<\/div><\/div>\n<\/div>\n<\/div>\n\n\n\n<div class=\"wp-block-uagb-container uagb-block-6a2ce737\">\n<div class=\"wp-block-uagb-container uagb-block-89491973\">\n<div class=\"wp-block-uagb-advanced-heading uagb-block-d0aa4c8b\"><h4 class=\"uagb-heading-text\"><strong>Certificaci\u00f3n Internacional<\/strong><\/h4><p class=\"uagb-desc-text\">Nuestros cursos est\u00e1n certificados por la C\u00e1mara Argentina de Capacitaci\u00f3n y reconocidos por la OIEP, una organizaci\u00f3n global de excelencia educativa. En menos de 30 d\u00edas, ver\u00e1s una evoluci\u00f3n real en tus habilidades.<\/p><\/div>\n<\/div>\n\n\n\n<div class=\"wp-block-uagb-container uagb-block-884fe7e3\">\n<div class=\"wp-block-uagb-icon-list uagb-block-e38558f6\"><div class=\"uagb-icon-list__wrap\">\n<div class=\"wp-block-uagb-icon-list-child uagb-block-6f237d54\"><span class=\"uagb-icon-list__source-wrap\"><svg xmlns=\"https:\/\/www.w3.org\/2000\/svg\" viewBox=\"0 0 448 512\"><path d=\"M438.6 105.4C451.1 117.9 451.1 138.1 438.6 150.6L182.6 406.6C170.1 419.1 149.9 419.1 137.4 406.6L9.372 278.6C-3.124 266.1-3.124 245.9 9.372 233.4C21.87 220.9 42.13 220.9 54.63 233.4L159.1 338.7L393.4 105.4C405.9 92.88 426.1 92.88 438.6 105.4H438.6z\"><\/path><\/svg><\/span><span class=\"uagb-icon-list__label\">Certificado con validez nacional e internacional.<\/span><\/div>\n\n\n\n<div class=\"wp-block-uagb-icon-list-child uagb-block-e71a07a2\"><span class=\"uagb-icon-list__source-wrap\"><svg xmlns=\"https:\/\/www.w3.org\/2000\/svg\" viewBox=\"0 0 448 512\"><path d=\"M438.6 105.4C451.1 117.9 451.1 138.1 438.6 150.6L182.6 406.6C170.1 419.1 149.9 419.1 137.4 406.6L9.372 278.6C-3.124 266.1-3.124 245.9 9.372 233.4C21.87 220.9 42.13 220.9 54.63 233.4L159.1 338.7L393.4 105.4C405.9 92.88 426.1 92.88 438.6 105.4H438.6z\"><\/path><\/svg><\/span><span class=\"uagb-icon-list__label\">Posibilidad de convalidaci\u00f3n en el exterior.<\/span><\/div>\n\n\n\n<div class=\"wp-block-uagb-icon-list-child uagb-block-e8491644\"><span class=\"uagb-icon-list__source-wrap\"><svg xmlns=\"https:\/\/www.w3.org\/2000\/svg\" viewBox=\"0 0 448 512\"><path d=\"M438.6 105.4C451.1 117.9 451.1 138.1 438.6 150.6L182.6 406.6C170.1 419.1 149.9 419.1 137.4 406.6L9.372 278.6C-3.124 266.1-3.124 245.9 9.372 233.4C21.87 220.9 42.13 220.9 54.63 233.4L159.1 338.7L393.4 105.4C405.9 92.88 426.1 92.88 438.6 105.4H438.6z\"><\/path><\/svg><\/span><span class=\"uagb-icon-list__label\">Credibilidad para tu carrera musical.<\/span><\/div>\n<\/div><\/div>\n<\/div>\n<\/div>\n\n\n\n<div class=\"wp-block-uagb-container uagb-block-69260941\">\n<div class=\"wp-block-uagb-container uagb-block-853fc7b3\">\n<div class=\"wp-block-uagb-advanced-heading uagb-block-e477e446\"><h4 class=\"uagb-heading-text\"><strong>Intercambio Musical sin Salir de Casa<\/strong><\/h4><p class=\"uagb-desc-text\">Leve sua m\u00fasica a outro n\u00edvel com um&nbsp;<strong>ensino premium<\/strong>&nbsp;que combina qualidade brasileira e padr\u00f5es globais. Estude com metodologias inovadoras e conecte-se a uma rede de profissionais internacionais.<\/p><\/div>\n<\/div>\n\n\n\n<div class=\"wp-block-uagb-container uagb-block-634aa715\">\n<div class=\"wp-block-uagb-icon-list uagb-block-4371bb66\"><div class=\"uagb-icon-list__wrap\">\n<div class=\"wp-block-uagb-icon-list-child uagb-block-affd7b28\"><span class=\"uagb-icon-list__source-wrap\"><svg xmlns=\"https:\/\/www.w3.org\/2000\/svg\" viewBox=\"0 0 448 512\"><path d=\"M438.6 105.4C451.1 117.9 451.1 138.1 438.6 150.6L182.6 406.6C170.1 419.1 149.9 419.1 137.4 406.6L9.372 278.6C-3.124 266.1-3.124 245.9 9.372 233.4C21.87 220.9 42.13 220.9 54.63 233.4L159.1 338.7L393.4 105.4C405.9 92.88 426.1 92.88 438.6 105.4H438.6z\"><\/path><\/svg><\/span><span class=\"uagb-icon-list__label\">Acceso a contenidos exclusivos y workshops.<\/span><\/div>\n\n\n\n<div class=\"wp-block-uagb-icon-list-child uagb-block-c20aa8dd\"><span class=\"uagb-icon-list__source-wrap\"><svg xmlns=\"https:\/\/www.w3.org\/2000\/svg\" viewBox=\"0 0 448 512\"><path d=\"M438.6 105.4C451.1 117.9 451.1 138.1 438.6 150.6L182.6 406.6C170.1 419.1 149.9 419.1 137.4 406.6L9.372 278.6C-3.124 266.1-3.124 245.9 9.372 233.4C21.87 220.9 42.13 220.9 54.63 233.4L159.1 338.7L393.4 105.4C405.9 92.88 426.1 92.88 438.6 105.4H438.6z\"><\/path><\/svg><\/span><span class=\"uagb-icon-list__label\">Networking con m\u00fasicos de distintos pa\u00edses.<\/span><\/div>\n\n\n\n<div class=\"wp-block-uagb-icon-list-child uagb-block-6d33fa35\"><span class=\"uagb-icon-list__source-wrap\"><svg xmlns=\"https:\/\/www.w3.org\/2000\/svg\" viewBox=\"0 0 448 512\"><path d=\"M438.6 105.4C451.1 117.9 451.1 138.1 438.6 150.6L182.6 406.6C170.1 419.1 149.9 419.1 137.4 406.6L9.372 278.6C-3.124 266.1-3.124 245.9 9.372 233.4C21.87 220.9 42.13 220.9 54.63 233.4L159.1 338.7L393.4 105.4C405.9 92.88 426.1 92.88 438.6 105.4H438.6z\"><\/path><\/svg><\/span><span class=\"uagb-icon-list__label\">Transformaci\u00f3n r\u00e1pida en tu trayectoria art\u00edstica.<\/span><\/div>\n<\/div><\/div>\n<\/div>\n<\/div>\n<\/div>\n<\/div><\/div>\n\n\n\n<div class=\"wp-block-uagb-container uagb-layout-grid uagb-block-4b87b9e8 alignfull uagb-is-root-container\"><div class=\"uagb-container-inner-blocks-wrap\">\n<div data-aos= \"fade-right\" data-aos-duration=\"400\" data-aos-delay=\"0\" data-aos-easing=\"ease\" data-aos-once=\"true\" class=\"wp-block-uagb-info-box uagb-block-7ddcac60 uagb-infobox__content-wrap  uagb-infobox-icon-above-title uagb-infobox-image-valign-top wp-block-uagb-info-box--has-margin\"><div class=\"uagb-infobox-margin-wrapper\"><div class=\"uagb-ifb-content\"><div class=\"uagb-ifb-title-wrap\"><h6 class=\"uagb-ifb-title-prefix\">02<\/h6><h5 class=\"uagb-ifb-title\">Contenidos<\/h5><\/div><\/div><\/div><\/div>\n\n\n\n<div data-aos= \"fade-left\" data-aos-duration=\"400\" data-aos-delay=\"0\" data-aos-easing=\"ease\" data-aos-once=\"true\" class=\"wp-block-uagb-advanced-heading uagb-block-d618a833\"><h2 class=\"uagb-heading-text\">Formaciones Disponibles<\/h2><\/div>\n<\/div><\/div>\n\n\n\n<div data-aos= \"fade-up\" data-aos-duration=\"400\" data-aos-delay=\"0\" data-aos-easing=\"ease\" data-aos-once=\"true\" class=\"wp-block-uagb-container uagb-layout-flex uagb-block-dd58a99e alignfull uagb-is-root-container\"><div class=\"uagb-container-inner-blocks-wrap\">\n<div class=\"wp-block-essential-blocks-accordion  root-eb-accordion-kebaz\"><div class=\"eb-parent-wrapper eb-parent-eb-accordion-kebaz \"><div class=\"eb-accordion-container eb-accordion-kebaz\" data-accordion-type=\"accordion\" data-tab-icon=\"dashicons-plus-alt2\" data-expanded-icon=\"dashicons-minus\" data-transition-duration=\"500\"><div class=\"eb-accordion-inner\">\n<div class=\"wp-block-essential-blocks-accordion-item eb-accordion-item-cm5fy eb-accordion-wrapper\" data-clickable=\"false\"><div class=\"eb-accordion-title-wrapper eb-accordion-title-wrapper-eb-accordion-kebaz\" tabindex=\"0\"><span class=\"eb-accordion-icon-wrapper eb-accordion-icon-wrapper-eb-accordion-kebaz\"><span class=\"dashicon dashicons dashicons-plus-alt2 eb-accordion-icon\"><\/span><\/span><div class=\"eb-accordion-title-content-wrap title-content-eb-accordion-kebaz\"><h3 class=\"eb-accordion-title\">Teor\u00eda y Percepci\u00f3n Musical<\/h3><\/div><\/div><div class=\"eb-accordion-content-wrapper eb-accordion-content-wrapper-eb-accordion-kebaz\"><div class=\"eb-accordion-content\">\n<div class=\"wp-block-uagb-info-box uagb-block-9dde7d0e uagb-infobox__content-wrap  uagb-infobox-icon-above-title uagb-infobox-image-valign-top\"><div class=\"uagb-ifb-content\"><div class=\"uagb-ifb-title-wrap\"><\/div><p class=\"uagb-ifb-desc\">Requisitos previos: NINGUNO<br><br>Programa: Notaci\u00f3n Musical. Escritura y lectura de m\u00fasica en partitura. Divisi\u00f3n r\u00edtmica primaria. Comp\u00e1s. Alteraciones. Normas de ejecuci\u00f3n musical. Secuencial en niveles avanzados: Notaci\u00f3n Musical. Escritura y lectura de m\u00fasica en partitura. Divisi\u00f3n r\u00edtmica primaria. Comp\u00e1s. Alteraciones. Normas de ejecuci\u00f3n musical.<\/p><\/div><\/div>\n<\/div><\/div><\/div>\n\n\n\n<div class=\"wp-block-essential-blocks-accordion-item eb-accordion-item-amkit eb-accordion-wrapper\" data-clickable=\"false\"><div class=\"eb-accordion-title-wrapper eb-accordion-title-wrapper-eb-accordion-kebaz\" tabindex=\"0\"><span class=\"eb-accordion-icon-wrapper eb-accordion-icon-wrapper-eb-accordion-kebaz\"><span class=\"dashicon dashicons dashicons-plus-alt2 eb-accordion-icon\"><\/span><\/span><div class=\"eb-accordion-title-content-wrap title-content-eb-accordion-kebaz\"><h3 class=\"eb-accordion-title\">Armon\u00eda y Percepci\u00f3n Musical<\/h3><\/div><\/div><div class=\"eb-accordion-content-wrapper eb-accordion-content-wrapper-eb-accordion-kebaz\"><div class=\"eb-accordion-content\">\n<div class=\"wp-block-uagb-info-box uagb-block-a24d1ca6 uagb-infobox__content-wrap  uagb-infobox-icon-above-title uagb-infobox-image-valign-top\"><div class=\"uagb-ifb-content\"><div class=\"uagb-ifb-title-wrap\"><\/div><p class=\"uagb-ifb-desc\">Requisitos previos: Teor\u00eda y Percepci\u00f3n<br><br>Programa: Estudio de los acordes y sus funciones dentro de la m\u00fasica tonal y atonal. An\u00e1lisis musical.<\/p><\/div><\/div>\n<\/div><\/div><\/div>\n\n\n\n<div class=\"wp-block-essential-blocks-accordion-item eb-accordion-item-26bq4 eb-accordion-wrapper\" data-clickable=\"false\"><div class=\"eb-accordion-title-wrapper eb-accordion-title-wrapper-eb-accordion-kebaz\" tabindex=\"0\"><span class=\"eb-accordion-icon-wrapper eb-accordion-icon-wrapper-eb-accordion-kebaz\"><span class=\"dashicon dashicons dashicons-plus-alt2 eb-accordion-icon\"><\/span><\/span><div class=\"eb-accordion-title-content-wrap title-content-eb-accordion-kebaz\"><h3 class=\"eb-accordion-title\">Arreglo y Orquestaci\u00f3n<\/h3><\/div><\/div><div class=\"eb-accordion-content-wrapper eb-accordion-content-wrapper-eb-accordion-kebaz\"><div class=\"eb-accordion-content\">\n<div class=\"wp-block-uagb-info-box uagb-block-fa619a6a uagb-infobox__content-wrap  uagb-infobox-icon-above-title uagb-infobox-image-valign-top\"><div class=\"uagb-ifb-content\"><div class=\"uagb-ifb-title-wrap\"><\/div><p class=\"uagb-ifb-desc\">Requisitos previos: Lectura de partituras \/ prueba de competencia \u2013 Nivel II despu\u00e9s de completar el anterior o mediante prueba de competencia<br><br>Programa: Forma de las canciones, estructura del arreglo, letras de ensayo y n\u00fameros, notaci\u00f3n y partituras, estilos, secci\u00f3n r\u00edtmica: bater\u00eda, bajo, sintetizador y piano, guitarra, voz, anticipaciones.<br>Reescribir el material preexistente para que adopte una forma diferente de las ejecuciones anteriores o para hacer la m\u00fasica m\u00e1s atractiva para el p\u00fablico, utilizando t\u00e9cnicas de r\u00edtmica, armon\u00eda y contrapunto para reorganizar la estructura de la pieza seg\u00fan los recursos disponibles, como la instrumentaci\u00f3n y la habilidad de los m\u00fasicos. El arreglo puede ser una expansi\u00f3n, cuando una obra originalmente para pocos instrumentos se interpreta con un grupo musical m\u00e1s grande, como una orquesta o coro. Tambi\u00e9n puede ser una reducci\u00f3n, por ejemplo, cuando una pieza orquestal se adapta para un conjunto m\u00e1s peque\u00f1o o un instrumento solista.<br><br>Material: enviado y\/o entregado en las clases por el profesor. Ejercicios individuales.<\/p><\/div><\/div>\n<\/div><\/div><\/div>\n\n\n\n<div class=\"wp-block-essential-blocks-accordion-item eb-accordion-item-5wtsy eb-accordion-wrapper\" data-clickable=\"false\"><div class=\"eb-accordion-title-wrapper eb-accordion-title-wrapper-eb-accordion-kebaz\" tabindex=\"0\"><span class=\"eb-accordion-icon-wrapper eb-accordion-icon-wrapper-eb-accordion-kebaz\"><span class=\"dashicon dashicons dashicons-plus-alt2 eb-accordion-icon\"><\/span><\/span><div class=\"eb-accordion-title-content-wrap title-content-eb-accordion-kebaz\"><h3 class=\"eb-accordion-title\">Direcci\u00f3n Coral<\/h3><\/div><\/div><div class=\"eb-accordion-content-wrapper eb-accordion-content-wrapper-eb-accordion-kebaz\"><div class=\"eb-accordion-content\">\n<div class=\"wp-block-uagb-info-box uagb-block-690765be uagb-infobox__content-wrap  uagb-infobox-icon-above-title uagb-infobox-image-valign-top\"><div class=\"uagb-ifb-content\"><div class=\"uagb-ifb-title-wrap\"><\/div><p class=\"uagb-ifb-desc\">Programa \u2013 Curso de Formaci\u00f3n de Directores de Coro<br><br>Certificaci\u00f3n Internacional por la C\u00e1mara Argentina de Formaci\u00f3n Profesional y OIEP Global<br><br>Duraci\u00f3n: 6 meses \u2013 1 clase semanal en vivo (1h30)<br><br>Formato: Online, con acceso a la plataforma educativa exclusiva<br><br>Objetivo General<br><br>Capacitar a directores, m\u00fasicos y educadores musicales para actuar profesionalmente en la direcci\u00f3n de coros, desarrollando habilidades t\u00e9cnicas, art\u00edsticas y de gesti\u00f3n, con perspectiva de actuaci\u00f3n nacional e internacional.<\/p><\/div><\/div>\n<\/div><\/div><\/div>\n\n\n\n<div class=\"wp-block-essential-blocks-accordion-item eb-accordion-item-irz7q eb-accordion-wrapper\" data-clickable=\"false\"><div class=\"eb-accordion-title-wrapper eb-accordion-title-wrapper-eb-accordion-kebaz\" tabindex=\"0\"><span class=\"eb-accordion-icon-wrapper eb-accordion-icon-wrapper-eb-accordion-kebaz\"><span class=\"dashicon dashicons dashicons-plus-alt2 eb-accordion-icon\"><\/span><\/span><div class=\"eb-accordion-title-content-wrap title-content-eb-accordion-kebaz\"><h3 class=\"eb-accordion-title\">Producci\u00f3n Musical<\/h3><\/div><\/div><div class=\"eb-accordion-content-wrapper eb-accordion-content-wrapper-eb-accordion-kebaz\"><div class=\"eb-accordion-content\">\n<div class=\"wp-block-uagb-info-box uagb-block-a857cd7d uagb-infobox__content-wrap  uagb-infobox-icon-above-title uagb-infobox-image-valign-top\"><div class=\"uagb-ifb-content\"><div class=\"uagb-ifb-title-wrap\"><\/div><p class=\"uagb-ifb-desc\">Requisitos previos: NINGUNO<br><br>Programa: Uso de herramientas tecnol\u00f3gicas para grabaci\u00f3n en home studio, dominio de t\u00e9cnicas b\u00e1sicas de grabaci\u00f3n y mezcla.<\/p><\/div><\/div>\n<\/div><\/div><\/div>\n\n\n\n<div class=\"wp-block-essential-blocks-accordion-item eb-accordion-item-37yjm eb-accordion-wrapper\" data-clickable=\"false\"><div class=\"eb-accordion-title-wrapper eb-accordion-title-wrapper-eb-accordion-kebaz\" tabindex=\"0\"><span class=\"eb-accordion-icon-wrapper eb-accordion-icon-wrapper-eb-accordion-kebaz\"><span class=\"dashicon dashicons dashicons-plus-alt2 eb-accordion-icon\"><\/span><\/span><div class=\"eb-accordion-title-content-wrap title-content-eb-accordion-kebaz\"><h3 class=\"eb-accordion-title\">Contrapunto<\/h3><\/div><\/div><div class=\"eb-accordion-content-wrapper eb-accordion-content-wrapper-eb-accordion-kebaz\"><div class=\"eb-accordion-content\">\n<div class=\"wp-block-uagb-info-box uagb-block-5e2546d9 uagb-infobox__content-wrap  uagb-infobox-icon-above-title uagb-infobox-image-valign-top\"><div class=\"uagb-ifb-content\"><div class=\"uagb-ifb-title-wrap\"><\/div><p class=\"uagb-ifb-desc\">Requisitos previos: Teor\u00eda I o prueba de competencia<br><br>Programa: Elaboraci\u00f3n de piezas para varias voces o distintos instrumentos, mediante l\u00edneas mel\u00f3dicas independientes, con escritura en partitura y composiciones pr\u00e1cticas.<br><br>Material: enviado y\/o entregado en las clases por el profesor. Ejercicios individuales.<br><br>Bibliograf\u00eda Sugerida: \u201cContrapunto \u2013 Livio Tratenberg\u201d<br><\/p><\/div><\/div>\n<\/div><\/div><\/div>\n\n\n\n<div class=\"wp-block-essential-blocks-accordion-item eb-accordion-item-ifyl3 eb-accordion-wrapper\" data-clickable=\"false\"><div class=\"eb-accordion-title-wrapper eb-accordion-title-wrapper-eb-accordion-kebaz\" tabindex=\"0\"><span class=\"eb-accordion-icon-wrapper eb-accordion-icon-wrapper-eb-accordion-kebaz\"><span class=\"dashicon dashicons dashicons-plus-alt2 eb-accordion-icon\"><\/span><\/span><div class=\"eb-accordion-title-content-wrap title-content-eb-accordion-kebaz\"><h3 class=\"eb-accordion-title\">Historia de la M\u00fasica<\/h3><\/div><\/div><div class=\"eb-accordion-content-wrapper eb-accordion-content-wrapper-eb-accordion-kebaz\"><div class=\"eb-accordion-content\">\n<div class=\"wp-block-uagb-info-box uagb-block-d65a73dc uagb-infobox__content-wrap  uagb-infobox-icon-above-title uagb-infobox-image-valign-top\"><div class=\"uagb-ifb-content\"><div class=\"uagb-ifb-title-wrap\"><\/div><p class=\"uagb-ifb-desc\">Requisitos previos: NINGUNO<br><br>Programa: Comprender el desarrollo de la m\u00fasica occidental, desde la Antigua Grecia hasta la actualidad. Grecia, Edad Media, Renacimiento, Barroco, Cl\u00e1sico, Romanticismo y M\u00fasica Contempor\u00e1nea.<br><br>Bibliograf\u00eda Sugerida:<br><br>\u201cUna Breve Historia de la M\u00fasica\u201d \u2013 Roy Bennet<br>\u201cHistoria de la M\u00fasica Occidental\u201d \u2013 Palisca<\/p><\/div><\/div>\n<\/div><\/div><\/div>\n\n\n\n<div class=\"wp-block-essential-blocks-accordion-item eb-accordion-item-srtdh eb-accordion-wrapper\" data-clickable=\"false\"><div class=\"eb-accordion-title-wrapper eb-accordion-title-wrapper-eb-accordion-kebaz\" tabindex=\"0\"><span class=\"eb-accordion-icon-wrapper eb-accordion-icon-wrapper-eb-accordion-kebaz\"><span class=\"dashicon dashicons dashicons-plus-alt2 eb-accordion-icon\"><\/span><\/span><div class=\"eb-accordion-title-content-wrap title-content-eb-accordion-kebaz\"><h3 class=\"eb-accordion-title\">Historia de la M\u00fasica Latinoamericana<\/h3><\/div><\/div><div class=\"eb-accordion-content-wrapper eb-accordion-content-wrapper-eb-accordion-kebaz\"><div class=\"eb-accordion-content\">\n<div class=\"wp-block-uagb-info-box uagb-block-2e4ba446 uagb-infobox__content-wrap  uagb-infobox-icon-above-title uagb-infobox-image-valign-top\"><div class=\"uagb-ifb-content\"><div class=\"uagb-ifb-title-wrap\"><\/div><p class=\"uagb-ifb-desc\">Requisitos previos: Ninguno<br><br>Programa: Comprender nuestra identidad cultural y conocer el desarrollo de la historia de la m\u00fasica en el continente americano.<br><br>Bibliograf\u00eda Sugerida:<br><br>Historia de la M\u00fasica Brasile\u00f1a, de Vasco Mariz<br>Diccionario de M\u00fasica Brasile\u00f1a, de Olga Cacciatore<br>Las Venas Abiertas de Am\u00e9rica Latina \u2013 Eduardo Galeano<\/p><\/div><\/div>\n<\/div><\/div><\/div>\n<\/div><\/div><\/div><\/div>\n<\/div><\/div>\n\n\n\n<div class=\"wp-block-uagb-container uagb-block-pdxpx8jm alignfull uagb-is-root-container\"><div class=\"uagb-container-inner-blocks-wrap\">\n<div class=\"wp-block-uagb-info-box uagb-block-kynmkyca uagb-infobox__content-wrap  uagb-infobox-icon-above-title uagb-infobox-image-valign-top\"><div class=\"uagb-ifb-content\"><div class=\"uagb-ifb-title-wrap\"><h2 class=\"uagb-ifb-title\">Contactate<\/h2><\/div><p class=\"uagb-ifb-desc\">Si llegaste hasta aqu\u00ed, \u00a1creo que fue porque te gust\u00f3 nuestra propuesta!<br>No importa tu nivel de conocimiento, estamos aqu\u00ed para atender a todos los que quieren desarrollarse en el arte musical, ya sea como hobby o profesionalmente.<br>Sentite completamente libre de escribirnos por aqu\u00ed o por cualquiera de los canales abajo, \u00a1ser\u00e1 un placer hablar con vos!<br>\u00a1LET\u00b4S ROCK!<\/p><\/div><\/div>\n\n\n\n<div class=\"wp-block-uagb-container uagb-block-c0ypkzsm\">\n<div class=\"wp-block-uagb-forms uagb-forms__outer-wrap uagb-block-foz7ixkp uagb-forms__default-btn\"><form class=\"uagb-forms-main-form\" method=\"post\" autocomplete=\"on\" name=\"uagb-form-foz7ixkp\">\n<div class=\"wp-block-uagb-forms-name uagb-forms-name-wrap uagb-forms-field-set uagb-block-wflw52rj uag-col-2\"><div class=\"uagb-forms-name-label required uagb-forms-input-label\" id=\"wflw52rj\">Nombre<\/div><input type=\"text\" placeholder=\"\" required class=\"uagb-forms-name-input uagb-forms-input\" name=\"wflw52rj\" autocomplete=\"given-name\"\/><\/div>\n\n\n\n<div class=\"wp-block-uagb-forms-name uagb-forms-name-wrap uagb-forms-field-set uagb-block-ojb57ayh uag-col-2\"><div class=\"uagb-forms-name-label required uagb-forms-input-label\" id=\"ojb57ayh\">Apellido<\/div><input type=\"text\" placeholder=\"\" required class=\"uagb-forms-name-input uagb-forms-input\" name=\"ojb57ayh\" autocomplete=\"family-name\"\/><\/div>\n\n\n\n<div class=\"wp-block-uagb-forms-email uagb-forms-email-wrap uagb-forms-field-set uagb-block-wkgcwcln\"><div class=\"uagb-forms-email-label required uagb-forms-input-label\" id=\"wkgcwcln\">EMail<\/div><input type=\"email\" class=\"uagb-forms-email-input uagb-forms-input\" placeholder=\"\" required name=\"wkgcwcln\" autocomplete=\"email\"\/><\/div>\n\n\n\n<div class=\"wp-block-uagb-forms-textarea uagb-forms-textarea-wrap uagb-forms-field-set uagb-block-vic4aocp\"><div class=\"uagb-forms-textarea-label required uagb-forms-input-label\" id=\"vic4aocp\">Mensaje<\/div><textarea required class=\"uagb-forms-textarea-input uagb-forms-input\" rows=\"6\" placeholder=\"\" name=\"vic4aocp\" autocomplete=\"off\"><\/textarea><\/div>\n<div class=\"uagb-forms-form-hidden-data\"><input type=\"hidden\" class=\"uagb_forms_form_label\" value=\"Spectra Form\"\/><input type=\"hidden\" class=\"uagb_forms_form_id\" value=\"uagb-form-foz7ixkp\"\/><\/div><div class=\"uagb-form-reacaptcha-error-foz7ixkp\"><\/div><div class=\"uagb-forms-main-submit-button-wrap wp-block-button\"><button class=\"uagb-forms-main-submit-button wp-block-button__link\"><div class=\"uagb-forms-main-submit-button-text\">Enviar<\/div><\/button><\/div><\/form><div class=\"uagb-forms-success-message-foz7ixkp uagb-forms-submit-message-hide\"><span>The form has been submitted successfully!<\/span><\/div><div class=\"uagb-forms-failed-message-foz7ixkp uagb-forms-submit-message-hide\"><span>There has been some error while submitting the form. Please verify all form fields again.<\/span><\/div><\/div>\n\n\n\n<div class=\"wp-block-uagb-container uagb-block-ewq65xxy\">\n<div class=\"wp-block-uagb-info-box uagb-block-qockeo08 uagb-infobox__content-wrap  uagb-infobox-icon-above-title uagb-infobox-image-valign-top\"><div class=\"uagb-ifb-content\"><div class=\"uagb-ifb-icon-wrap\"><svg xmlns=\"https:\/\/www.w3.org\/2000\/svg\" viewBox=\"0 0 384 512\"><path d=\"M168.3 499.2C116.1 435 0 279.4 0 192C0 85.96 85.96 0 192 0C298 0 384 85.96 384 192C384 279.4 267 435 215.7 499.2C203.4 514.5 180.6 514.5 168.3 499.2H168.3zM192 256C227.3 256 256 227.3 256 192C256 156.7 227.3 128 192 128C156.7 128 128 156.7 128 192C128 227.3 156.7 256 192 256z\"><\/path><\/svg><\/div><div class=\"uagb-ifb-title-wrap\"><p class=\"uagb-ifb-title\">D\u00f3nde estamos<\/p><\/div><p class=\"uagb-ifb-desc\">Palermo &#8211; Buenos Aires<br>Argentina<\/p><\/div><\/div>\n\n\n\n<div class=\"wp-block-uagb-container uagb-block-tzqa8rhn\">\n<div class=\"wp-block-uagb-info-box uagb-block-hhalp9ds uagb-infobox__content-wrap  uagb-infobox-icon-above-title uagb-infobox-image-valign-top wp-block-uagb-info-box--has-margin\"><div class=\"uagb-infobox-margin-wrapper\"><div class=\"uagb-ifb-content\"><div class=\"uagb-ifb-icon-wrap\"><svg xmlns=\"https:\/\/www.w3.org\/2000\/svg\" viewBox=\"0 0 512 512\"><path d=\"M464 64C490.5 64 512 85.49 512 112C512 127.1 504.9 141.3 492.8 150.4L275.2 313.6C263.8 322.1 248.2 322.1 236.8 313.6L19.2 150.4C7.113 141.3 0 127.1 0 112C0 85.49 21.49 64 48 64H464zM217.6 339.2C240.4 356.3 271.6 356.3 294.4 339.2L512 176V384C512 419.3 483.3 448 448 448H64C28.65 448 0 419.3 0 384V176L217.6 339.2z\"><\/path><\/svg><\/div><div class=\"uagb-ifb-title-wrap\"><p class=\"uagb-ifb-title\">Email<\/p><\/div><p class=\"uagb-ifb-desc\">info@everdreammusicacademy.com<\/p><\/div><\/div><\/div>\n\n\n\n<div class=\"wp-block-uagb-info-box uagb-block-hgw7ocz7 uagb-infobox__content-wrap  uagb-infobox-icon-above-title uagb-infobox-image-valign-top wp-block-uagb-info-box--has-margin\"><div class=\"uagb-infobox-margin-wrapper\"><div class=\"uagb-ifb-content\"><div class=\"uagb-ifb-icon-wrap\"><svg xmlns=\"https:\/\/www.w3.org\/2000\/svg\" viewBox=\"0 0 448 512\"><path d=\"M380.9 97.1C339 55.1 283.2 32 223.9 32c-122.4 0-222 99.6-222 222 0 39.1 10.2 77.3 29.6 111L0 480l117.7-30.9c32.4 17.7 68.9 27 106.1 27h.1c122.3 0 224.1-99.6 224.1-222 0-59.3-25.2-115-67.1-157zm-157 341.6c-33.2 0-65.7-8.9-94-25.7l-6.7-4-69.8 18.3L72 359.2l-4.4-7c-18.5-29.4-28.2-63.3-28.2-98.2 0-101.7 82.8-184.5 184.6-184.5 49.3 0 95.6 19.2 130.4 54.1 34.8 34.9 56.2 81.2 56.1 130.5 0 101.8-84.9 184.6-186.6 184.6zm101.2-138.2c-5.5-2.8-32.8-16.2-37.9-18-5.1-1.9-8.8-2.8-12.5 2.8-3.7 5.6-14.3 18-17.6 21.8-3.2 3.7-6.5 4.2-12 1.4-32.6-16.3-54-29.1-75.5-66-5.7-9.8 5.7-9.1 16.3-30.3 1.8-3.7 .9-6.9-.5-9.7-1.4-2.8-12.5-30.1-17.1-41.2-4.5-10.8-9.1-9.3-12.5-9.5-3.2-.2-6.9-.2-10.6-.2-3.7 0-9.7 1.4-14.8 6.9-5.1 5.6-19.4 19-19.4 46.3 0 27.3 19.9 53.7 22.6 57.4 2.8 3.7 39.1 59.7 94.8 83.8 35.2 15.2 49 16.5 66.6 13.9 10.7-1.6 32.8-13.4 37.4-26.4 4.6-13 4.6-24.1 3.2-26.4-1.3-2.5-5-3.9-10.5-6.6z\"><\/path><\/svg><\/div><div class=\"uagb-ifb-title-wrap\"><p class=\"uagb-ifb-title\">Tel\u00e9fono<\/p><\/div><p class=\"uagb-ifb-desc\">+54 11 2650-2857<\/p><\/div><\/div><\/div>\n<\/div>\n<\/div>\n<\/div>\n<\/div><\/div>\n","protected":false},"excerpt":{"rendered":"<p>Your Attractive Heading Universidad Corporativa La Universidad Corporativa Ever Dream es una instituci\u00f3n educativa destinada a desarrollar competencias, habilidades y actitudes de profesionales ya establecidos en el mercado y que [&hellip;]<\/p>\n","protected":false},"author":1,"featured_media":0,"parent":0,"menu_order":0,"comment_status":"closed","ping_status":"closed","template":"","meta":{"_eb_attr":"","_uag_custom_page_level_css":"","site-sidebar-layout":"default","site-content-layout":"","ast-site-content-layout":"default","site-content-style":"default","site-sidebar-style":"default","ast-global-header-display":"","ast-banner-title-visibility":"","ast-main-header-display":"","ast-hfb-above-header-display":"","ast-hfb-below-header-display":"","ast-hfb-mobile-header-display":"","site-post-title":"","ast-breadcrumbs-content":"","ast-featured-img":"","footer-sml-layout":"","ast-disable-related-posts":"","theme-transparent-header-meta":"enabled","adv-header-id-meta":"","stick-header-meta":"","header-above-stick-meta":"","header-main-stick-meta":"","header-below-stick-meta":"","astra-migrate-meta-layouts":"set","ast-page-background-enabled":"default","ast-page-background-meta":{"desktop":{"background-color":"var(--ast-global-color-4)","background-image":"","background-repeat":"repeat","background-position":"center center","background-size":"auto","background-attachment":"scroll","background-type":"","background-media":"","overlay-type":"","overlay-color":"","overlay-opacity":"","overlay-gradient":""},"tablet":{"background-color":"","background-image":"","background-repeat":"repeat","background-position":"center center","background-size":"auto","background-attachment":"scroll","background-type":"","background-media":"","overlay-type":"","overlay-color":"","overlay-opacity":"","overlay-gradient":""},"mobile":{"background-color":"","background-image":"","background-repeat":"repeat","background-position":"center center","background-size":"auto","background-attachment":"scroll","background-type":"","background-media":"","overlay-type":"","overlay-color":"","overlay-opacity":"","overlay-gradient":""}},"ast-content-background-meta":{"desktop":{"background-color":"var(--ast-global-color-5)","background-image":"","background-repeat":"repeat","background-position":"center center","background-size":"auto","background-attachment":"scroll","background-type":"","background-media":"","overlay-type":"","overlay-color":"","overlay-opacity":"","overlay-gradient":""},"tablet":{"background-color":"var(--ast-global-color-5)","background-image":"","background-repeat":"repeat","background-position":"center center","background-size":"auto","background-attachment":"scroll","background-type":"","background-media":"","overlay-type":"","overlay-color":"","overlay-opacity":"","overlay-gradient":""},"mobile":{"background-color":"var(--ast-global-color-5)","background-image":"","background-repeat":"repeat","background-position":"center center","background-size":"auto","background-attachment":"scroll","background-type":"","background-media":"","overlay-type":"","overlay-color":"","overlay-opacity":"","overlay-gradient":""}},"cybocfi_hide_featured_image":"","footnotes":""},"class_list":["post-264","page","type-page","status-publish","hentry"],"aioseo_notices":[],"uagb_featured_image_src":{"full":false,"thumbnail":false,"medium":false,"medium_large":false,"large":false,"1536x1536":false,"2048x2048":false},"uagb_author_info":{"display_name":"AdminEDMA","author_link":"https:\/\/everdreammusicacademy.com\/ar\/author\/admin\/"},"uagb_comment_info":0,"uagb_excerpt":"Your Attractive Heading Universidad Corporativa La Universidad Corporativa Ever Dream es una instituci\u00f3n educativa destinada a desarrollar competencias, habilidades y actitudes de profesionales ya establecidos en el mercado y que [&hellip;]","_links":{"self":[{"href":"https:\/\/everdreammusicacademy.com\/ar\/wp-json\/wp\/v2\/pages\/264","targetHints":{"allow":["GET"]}}],"collection":[{"href":"https:\/\/everdreammusicacademy.com\/ar\/wp-json\/wp\/v2\/pages"}],"about":[{"href":"https:\/\/everdreammusicacademy.com\/ar\/wp-json\/wp\/v2\/types\/page"}],"author":[{"embeddable":true,"href":"https:\/\/everdreammusicacademy.com\/ar\/wp-json\/wp\/v2\/users\/1"}],"replies":[{"embeddable":true,"href":"https:\/\/everdreammusicacademy.com\/ar\/wp-json\/wp\/v2\/comments?post=264"}],"version-history":[{"count":148,"href":"https:\/\/everdreammusicacademy.com\/ar\/wp-json\/wp\/v2\/pages\/264\/revisions"}],"predecessor-version":[{"id":2600,"href":"https:\/\/everdreammusicacademy.com\/ar\/wp-json\/wp\/v2\/pages\/264\/revisions\/2600"}],"wp:attachment":[{"href":"https:\/\/everdreammusicacademy.com\/ar\/wp-json\/wp\/v2\/media?parent=264"}],"curies":[{"name":"wp","href":"https:\/\/api.w.org\/{rel}","templated":true}]}}